{"id":213,"date":"2018-10-19T10:49:55","date_gmt":"2018-10-19T10:49:55","guid":{"rendered":"https:\/\/veeohutus.ee\/talv\/?page_id=213"},"modified":"2018-10-19T12:10:25","modified_gmt":"2018-10-19T12:10:25","slug":"mida-vaja-teada-kulmal-ajal-veekogule-minnes","status":"publish","type":"page","link":"https:\/\/veeohutus.ee\/talv\/mida-vaja-teada-kulmal-ajal-veekogule-minnes\/","title":{"rendered":"Mida on vaja teada k\u00fclmal ajal veekogule minnes"},"content":{"rendered":"<ul>\n<li>Kuigi miinuskraadide saabudes hakkavad veekogud j\u00e4\u00e4tuma, siis p\u00e4rast esimesi k\u00fclmasid tekkinud j\u00e4\u00e4 on \u00f5huke ja n\u00f5rk ega kanna inimest.<\/li>\n<li>Samuti v\u00f5ib kevadel p\u00e4ikeselisel v\u00f5i vihmasel perioodil varem veekogu katnud tugev j\u00e4\u00e4 kiiresti \u00f5hukeseks muutuda.<\/li>\n<li>Ohutum on j\u00e4\u00e4le minna p\u00e4rast paarin\u00e4dalast k\u00fclma ilma, kui \u00f5hutemperatuur on olnud pidevalt alla 0\u00b0C ning veekogul on viiteid tugevale j\u00e4\u00e4le (nt jalaga katsudes on pind tugev).<\/li>\n<li>Tavaliselt on j\u00e4\u00e4 n\u00f5rgem j\u00f5gede kiirevoolulistes kohtades, j\u00f5gede suubumiskohtades ja torude suudmetes, allikakohtades, paadisildade tugipostide \u00fcmbruses, roostikus, vettelangenud puude v\u00f5rade \u00fcmbruses ja laevateede l\u00e4heduses.<\/li>\n<li>2-3-kraadises vees viibimine on eluohtlik juba 15 minuti ja k\u00fclmemas vees isegi paari minuti m\u00f6\u00f6dudes. Seet\u00f5ttu on j\u00e4\u00e4august p\u00e4\u00e4semise kiirus ja kannatanu \u00fclessoojendamine v\u00e4ga oluline.<\/li>\n<li>Piiriveekogule minnes on oluline teha selgeks piiriveekogul kehtestatud piirangud (n\u00e4it. riigipiiri kulgemine, piirire\u017eiimi ala). Piiriveekogule minek ja sealt tagasitulek tuleb registreerida l\u00e4himas kordonis ning kanda kaasas isiku ja ujuvvahendiga seotud dokumente.<\/li>\n<\/ul>\n","protected":false},"excerpt":{"rendered":"<p>Kuigi miinuskraadide saabudes hakkavad veekogud j\u00e4\u00e4tuma, siis p\u00e4rast esimesi k\u00fclmasid tekkinud j\u00e4\u00e4 on \u00f5huke ja n\u00f5rk ega kanna inimest. Samuti v\u00f5ib kevadel p\u00e4ikeselisel v\u00f5i vihmasel perioodil varem veekogu katnud tugev j\u00e4\u00e4 kiiresti \u00f5hukeseks muutuda. Ohutum on j\u00e4\u00e4le minna p\u00e4rast paarin\u00e4dalast k\u00fclma ilma, kui \u00f5hutemperatuur on olnud pidevalt alla 0\u00b0C ning veekogul on viiteid tugevale j\u00e4\u00e4le&#8230;  <a class=\"excerpt-read-more\" href=\"https:\/\/veeohutus.ee\/talv\/mida-vaja-teada-kulmal-ajal-veekogule-minnes\/\" title=\"Read Mida on vaja teada k\u00fclmal ajal veekogule minnes\">Read more<\/a><\/p>\n","protected":false},"author":2,"featured_media":252,"parent":0,"menu_order":0,"comment_status":"closed","ping_status":"closed","template":"","meta":{"_acf_changed":false,"footnotes":""},"class_list":["post-213","page","type-page","status-publish","has-post-thumbnail","hentry"],"acf":[],"yoast_head":"<!-- This site is optimized with the Yoast SEO plugin v26.7 - https:\/\/yoast.com\/wordpress\/plugins\/seo\/ -->\n<title>Mida on vaja teada k\u00fclmal ajal veekogule minnes - Veeohutus - Talv<\/title>\n<meta name=\"robots\" content=\"index, follow, max-snippet:-1, max-image-preview:large, max-video-preview:-1\" \/>\n<link rel=\"canonical\" href=\"https:\/\/veeohutus.ee\/talv\/mida-vaja-teada-kulmal-ajal-veekogule-minnes\/\" \/>\n<meta property=\"og:locale\" content=\"et_EE\" \/>\n<meta property=\"og:type\" content=\"article\" \/>\n<meta property=\"og:title\" content=\"Mida on vaja teada k\u00fclmal ajal veekogule minnes - Veeohutus - Talv\" \/>\n<meta property=\"og:description\" content=\"Kuigi miinuskraadide saabudes hakkavad veekogud j\u00e4\u00e4tuma, siis p\u00e4rast esimesi k\u00fclmasid tekkinud j\u00e4\u00e4 on \u00f5huke ja n\u00f5rk ega kanna inimest. Samuti v\u00f5ib kevadel p\u00e4ikeselisel v\u00f5i vihmasel perioodil varem veekogu katnud tugev j\u00e4\u00e4 kiiresti \u00f5hukeseks muutuda. Ohutum on j\u00e4\u00e4le minna p\u00e4rast paarin\u00e4dalast k\u00fclma ilma, kui \u00f5hutemperatuur on olnud pidevalt alla 0\u00b0C ning veekogul on viiteid tugevale j\u00e4\u00e4le... Read more\" \/>\n<meta property=\"og:url\" content=\"https:\/\/veeohutus.ee\/talv\/mida-vaja-teada-kulmal-ajal-veekogule-minnes\/\" \/>\n<meta property=\"og:site_name\" content=\"Veeohutus - Talv\" \/>\n<meta property=\"article:modified_time\" content=\"2018-10-19T12:10:25+00:00\" \/>\n<meta property=\"og:image\" content=\"https:\/\/veeohutus.ee\/talv\/wp-content\/uploads\/sites\/3\/2018\/10\/araminenorgalejaale.jpg\" \/>\n\t<meta property=\"og:image:width\" content=\"1920\" \/>\n\t<meta property=\"og:image:height\" content=\"1268\" \/>\n\t<meta property=\"og:image:type\" content=\"image\/jpeg\" \/>\n<meta name=\"twitter:card\" content=\"summary_large_image\" \/>\n<meta name=\"twitter:label1\" content=\"Est. reading time\" \/>\n\t<meta name=\"twitter:data1\" content=\"1 minut\" \/>\n<script type=\"application\/ld+json\" class=\"yoast-schema-graph\">{\"@context\":\"https:\/\/schema.org\",\"@graph\":[{\"@type\":\"WebPage\",\"@id\":\"https:\/\/veeohutus.ee\/talv\/mida-vaja-teada-kulmal-ajal-veekogule-minnes\/\",\"url\":\"https:\/\/veeohutus.ee\/talv\/mida-vaja-teada-kulmal-ajal-veekogule-minnes\/\",\"name\":\"Mida on vaja teada k\u00fclmal ajal veekogule minnes - Veeohutus - Talv\",\"isPartOf\":{\"@id\":\"https:\/\/veeohutus.ee\/talv\/#website\"},\"primaryImageOfPage\":{\"@id\":\"https:\/\/veeohutus.ee\/talv\/mida-vaja-teada-kulmal-ajal-veekogule-minnes\/#primaryimage\"},\"image\":{\"@id\":\"https:\/\/veeohutus.ee\/talv\/mida-vaja-teada-kulmal-ajal-veekogule-minnes\/#primaryimage\"},\"thumbnailUrl\":\"https:\/\/veeohutus.ee\/talv\/wp-content\/uploads\/sites\/3\/2018\/10\/araminenorgalejaale.jpg\",\"datePublished\":\"2018-10-19T10:49:55+00:00\",\"dateModified\":\"2018-10-19T12:10:25+00:00\",\"breadcrumb\":{\"@id\":\"https:\/\/veeohutus.ee\/talv\/mida-vaja-teada-kulmal-ajal-veekogule-minnes\/#breadcrumb\"},\"inLanguage\":\"et\",\"potentialAction\":[{\"@type\":\"ReadAction\",\"target\":[\"https:\/\/veeohutus.ee\/talv\/mida-vaja-teada-kulmal-ajal-veekogule-minnes\/\"]}]},{\"@type\":\"ImageObject\",\"inLanguage\":\"et\",\"@id\":\"https:\/\/veeohutus.ee\/talv\/mida-vaja-teada-kulmal-ajal-veekogule-minnes\/#primaryimage\",\"url\":\"https:\/\/veeohutus.ee\/talv\/wp-content\/uploads\/sites\/3\/2018\/10\/araminenorgalejaale.jpg\",\"contentUrl\":\"https:\/\/veeohutus.ee\/talv\/wp-content\/uploads\/sites\/3\/2018\/10\/araminenorgalejaale.jpg\",\"width\":1920,\"height\":1268},{\"@type\":\"BreadcrumbList\",\"@id\":\"https:\/\/veeohutus.ee\/talv\/mida-vaja-teada-kulmal-ajal-veekogule-minnes\/#breadcrumb\",\"itemListElement\":[{\"@type\":\"ListItem\",\"position\":1,\"name\":\"Home\",\"item\":\"https:\/\/veeohutus.ee\/talv\/\"},{\"@type\":\"ListItem\",\"position\":2,\"name\":\"Mida on vaja teada k\u00fclmal ajal veekogule minnes\"}]},{\"@type\":\"WebSite\",\"@id\":\"https:\/\/veeohutus.ee\/talv\/#website\",\"url\":\"https:\/\/veeohutus.ee\/talv\/\",\"name\":\"Veeohutus - Talv\",\"description\":\"Just another P\u00e4\u00e4steamet - Veeohutus site\",\"potentialAction\":[{\"@type\":\"SearchAction\",\"target\":{\"@type\":\"EntryPoint\",\"urlTemplate\":\"https:\/\/veeohutus.ee\/talv\/?s={search_term_string}\"},\"query-input\":{\"@type\":\"PropertyValueSpecification\",\"valueRequired\":true,\"valueName\":\"search_term_string\"}}],\"inLanguage\":\"et\"}]}<\/script>\n<!-- \/ Yoast SEO plugin. -->","yoast_head_json":{"title":"Mida on vaja teada k\u00fclmal ajal veekogule minnes - Veeohutus - Talv","robots":{"index":"index","follow":"follow","max-snippet":"max-snippet:-1","max-image-preview":"max-image-preview:large","max-video-preview":"max-video-preview:-1"},"canonical":"https:\/\/veeohutus.ee\/talv\/mida-vaja-teada-kulmal-ajal-veekogule-minnes\/","og_locale":"et_EE","og_type":"article","og_title":"Mida on vaja teada k\u00fclmal ajal veekogule minnes - Veeohutus - Talv","og_description":"Kuigi miinuskraadide saabudes hakkavad veekogud j\u00e4\u00e4tuma, siis p\u00e4rast esimesi k\u00fclmasid tekkinud j\u00e4\u00e4 on \u00f5huke ja n\u00f5rk ega kanna inimest. Samuti v\u00f5ib kevadel p\u00e4ikeselisel v\u00f5i vihmasel perioodil varem veekogu katnud tugev j\u00e4\u00e4 kiiresti \u00f5hukeseks muutuda. Ohutum on j\u00e4\u00e4le minna p\u00e4rast paarin\u00e4dalast k\u00fclma ilma, kui \u00f5hutemperatuur on olnud pidevalt alla 0\u00b0C ning veekogul on viiteid tugevale j\u00e4\u00e4le... Read more","og_url":"https:\/\/veeohutus.ee\/talv\/mida-vaja-teada-kulmal-ajal-veekogule-minnes\/","og_site_name":"Veeohutus - Talv","article_modified_time":"2018-10-19T12:10:25+00:00","og_image":[{"width":1920,"height":1268,"url":"https:\/\/veeohutus.ee\/talv\/wp-content\/uploads\/sites\/3\/2018\/10\/araminenorgalejaale.jpg","type":"image\/jpeg"}],"twitter_card":"summary_large_image","twitter_misc":{"Est. reading time":"1 minut"},"schema":{"@context":"https:\/\/schema.org","@graph":[{"@type":"WebPage","@id":"https:\/\/veeohutus.ee\/talv\/mida-vaja-teada-kulmal-ajal-veekogule-minnes\/","url":"https:\/\/veeohutus.ee\/talv\/mida-vaja-teada-kulmal-ajal-veekogule-minnes\/","name":"Mida on vaja teada k\u00fclmal ajal veekogule minnes - Veeohutus - Talv","isPartOf":{"@id":"https:\/\/veeohutus.ee\/talv\/#website"},"primaryImageOfPage":{"@id":"https:\/\/veeohutus.ee\/talv\/mida-vaja-teada-kulmal-ajal-veekogule-minnes\/#primaryimage"},"image":{"@id":"https:\/\/veeohutus.ee\/talv\/mida-vaja-teada-kulmal-ajal-veekogule-minnes\/#primaryimage"},"thumbnailUrl":"https:\/\/veeohutus.ee\/talv\/wp-content\/uploads\/sites\/3\/2018\/10\/araminenorgalejaale.jpg","datePublished":"2018-10-19T10:49:55+00:00","dateModified":"2018-10-19T12:10:25+00:00","breadcrumb":{"@id":"https:\/\/veeohutus.ee\/talv\/mida-vaja-teada-kulmal-ajal-veekogule-minnes\/#breadcrumb"},"inLanguage":"et","potentialAction":[{"@type":"ReadAction","target":["https:\/\/veeohutus.ee\/talv\/mida-vaja-teada-kulmal-ajal-veekogule-minnes\/"]}]},{"@type":"ImageObject","inLanguage":"et","@id":"https:\/\/veeohutus.ee\/talv\/mida-vaja-teada-kulmal-ajal-veekogule-minnes\/#primaryimage","url":"https:\/\/veeohutus.ee\/talv\/wp-content\/uploads\/sites\/3\/2018\/10\/araminenorgalejaale.jpg","contentUrl":"https:\/\/veeohutus.ee\/talv\/wp-content\/uploads\/sites\/3\/2018\/10\/araminenorgalejaale.jpg","width":1920,"height":1268},{"@type":"BreadcrumbList","@id":"https:\/\/veeohutus.ee\/talv\/mida-vaja-teada-kulmal-ajal-veekogule-minnes\/#breadcrumb","itemListElement":[{"@type":"ListItem","position":1,"name":"Home","item":"https:\/\/veeohutus.ee\/talv\/"},{"@type":"ListItem","position":2,"name":"Mida on vaja teada k\u00fclmal ajal veekogule minnes"}]},{"@type":"WebSite","@id":"https:\/\/veeohutus.ee\/talv\/#website","url":"https:\/\/veeohutus.ee\/talv\/","name":"Veeohutus - Talv","description":"Just another P\u00e4\u00e4steamet - Veeohutus site","potentialAction":[{"@type":"SearchAction","target":{"@type":"EntryPoint","urlTemplate":"https:\/\/veeohutus.ee\/talv\/?s={search_term_string}"},"query-input":{"@type":"PropertyValueSpecification","valueRequired":true,"valueName":"search_term_string"}}],"inLanguage":"et"}]}},"_links":{"self":[{"href":"https:\/\/veeohutus.ee\/talv\/wp-json\/wp\/v2\/pages\/213","targetHints":{"allow":["GET"]}}],"collection":[{"href":"https:\/\/veeohutus.ee\/talv\/wp-json\/wp\/v2\/pages"}],"about":[{"href":"https:\/\/veeohutus.ee\/talv\/wp-json\/wp\/v2\/types\/page"}],"author":[{"embeddable":true,"href":"https:\/\/veeohutus.ee\/talv\/wp-json\/wp\/v2\/users\/2"}],"replies":[{"embeddable":true,"href":"https:\/\/veeohutus.ee\/talv\/wp-json\/wp\/v2\/comments?post=213"}],"version-history":[{"count":1,"href":"https:\/\/veeohutus.ee\/talv\/wp-json\/wp\/v2\/pages\/213\/revisions"}],"predecessor-version":[{"id":214,"href":"https:\/\/veeohutus.ee\/talv\/wp-json\/wp\/v2\/pages\/213\/revisions\/214"}],"wp:featuredmedia":[{"embeddable":true,"href":"https:\/\/veeohutus.ee\/talv\/wp-json\/wp\/v2\/media\/252"}],"wp:attachment":[{"href":"https:\/\/veeohutus.ee\/talv\/wp-json\/wp\/v2\/media?parent=213"}],"curies":[{"name":"wp","href":"https:\/\/api.w.org\/{rel}","templated":true}]}}